{"id":72,"date":"2019-04-16T09:45:11","date_gmt":"2019-04-16T07:45:11","guid":{"rendered":"http:\/\/lenjeu.eu\/?page_id=72"},"modified":"2019-05-06T23:36:57","modified_gmt":"2019-05-06T21:36:57","slug":"biographie-marc-mandel","status":"publish","type":"page","link":"https:\/\/lenjeu.eu\/?page_id=72","title":{"rendered":"Biographie Marc Mandel"},"content":{"rendered":"\n<div class=\"wp-block-media-text alignwide\" style=\"grid-template-columns:35% auto\"><figure class=\"wp-block-media-text__media\"><img loading=\"lazy\" decoding=\"async\" width=\"809\" height=\"1024\" src=\"http:\/\/lenjeu.eu\/wp-content\/uploads\/2019\/04\/Lolo-jaune-C-809x1024.jpg\" alt=\"\" class=\"wp-image-404\" srcset=\"https:\/\/lenjeu.eu\/wp-content\/uploads\/2019\/04\/Lolo-jaune-C-809x1024.jpg 809w, https:\/\/lenjeu.eu\/wp-content\/uploads\/2019\/04\/Lolo-jaune-C-237x300.jpg 237w, https:\/\/lenjeu.eu\/wp-content\/uploads\/2019\/04\/Lolo-jaune-C-768x973.jpg 768w, https:\/\/lenjeu.eu\/wp-content\/uploads\/2019\/04\/Lolo-jaune-C.jpg 1224w\" sizes=\"auto, (max-width: 706px) 89vw, (max-width: 767px) 82vw, 740px\" \/><\/figure><div class=\"wp-block-media-text__content\">\n<p> N\u00e9 \u00e0 Paris en 1954, Marc Mandel est un compositeur au parcours atypique.<br> Il commence par l\u2019\u00e9tude du piano classique \u00e0 l\u2019\u00e2ge de \u00e0 7 ans, mais son entr\u00e9e en 6eme, au lyc\u00e9e Jean-Baptiste Say en 1966, il  abandonne les sonates de Beethoven pour Dave Brubeck (Blue rondo \u00e0 la  Turk, Take Five) Thelonious Monk (Round about Midnight) etc. <br>Francis  Coust\u00e9 , son professeur de musique du lyc\u00e9e lui donne des cours  particuliers de piano<\/p>\n<\/div><\/div>\n\n\n\n<p> Ainsi, il s\u2019initie aux chiffrages harmoniques et apprend tous les accords. <br> Mais la radio, son autre passion, devient son principal centre d\u2019int\u00e9r\u00eat au d\u00e9triment de la musique et m\u00eame de ses \u00e9tudes.<br> Marc Mandel n\u2019a plus qu\u2019une id\u00e9e en t\u00eate&nbsp;: devenir animateur de radio.<br> Et en effet, en 1971, il a 16 ans, et il est engag\u00e9 par RTL et devient le plus jeune animateur de radio.<br>Il y restera 4 ans, faisant occasionnellement des remplacements \u00e0  l\u2019antenne, mais surtout des reportages, des interviews et du montage. <br> D\u00e8s l\u2019\u00e2ge de 16 ans il commence \u00e0 composer et ne travaille plus que ses propres morceaux. <br> Francis Coust\u00e9 commence \u00e0 lui enseigner l\u2019harmonie avec travail sur lignes de chants et sur des lignes de basses impos\u00e9es.  <br>En 1975, il quitte RTL et devient r\u00e9alisateur \u00e0 Europe 1. <br> Parall\u00e8lement \u00e0 la radio, il travaille le reste de la semaine dans la soci\u00e9t\u00e9 d\u2019\u00e9dition professionnelle.<br> Puis nouveau tournant dans sa vie. Il abandonne la radio, pour se consacrer davantage \u00e0 sa musique.<br> Mais il comprend rapidement que le temps o\u00f9 les compositeurs allaient proposer leurs musiques \u00e0 des \u00e9diteurs en leur jouant au piano est r\u00e9volu. Il faut maintenant proposer des maquettes tr\u00e8s \u00e9labor\u00e9es. <br> Il investit dans du mat\u00e9riel d\u2019enregistrement et de musique et monte son home-studio.<br> Il se sert des synth\u00e9tiseurs non pas pour ce qu\u2019ils sont, mais pour tenter d\u2019imiter les instruments d\u2019orchestre. Et c\u2019est ainsi qu\u2019il commence \u00e0 apprendre en autodidacte les arrangements et les orchestrations.<br> Son nouvel objectif est de devenir compositeur de musique de film.<br> L\u2019agence Havas le s\u00e9lectionne pour la cr\u00e9ation d\u2019une musique publicitaire&nbsp;: Double fruits de Fruit\u00e9. 300 spots radio et 64 spots tv pendant 4 ans.<br> Il \u00e9crit \u00e9galement une musique pour les biscuits&nbsp;\u00ab&nbsp;Prince&nbsp;\u00bb.<br> Il est tout pr\u00e8s d\u2019enregistrer la musique d\u2019un long m\u00e9trage avec Marl\u00e8ne Jobert et Victor Lannoux&nbsp;: \u00ab&nbsp;Une sale affaire&nbsp;\u00bb. <br> Le r\u00e9alisateur lui r\u00e9clame une nouvelle maquette de sa musique qu\u2019il \u00ab adore \u00bb et qu\u2019il a valid\u00e9e. Ce dernier veut un enregistrement professionnel pour convaincre les producteurs. Il s\u2019agit d\u2019une musique de jazz, style s\u00e9rie B. Il avait \u00e9crit pour un quartet et r\u00e9ussi \u00e0 r\u00e9unir en studio quatre \u00ab monstres \u00bb du jazz : A la batterie Daniel Humair, \u00e0 la Contrebasse : Henri Texier, au sax t\u00e9nor Fran\u00e7ois Jeanneau et au piano Ren\u00e9 Urtregger. Pour finir de convaincre le r\u00e9alisateur de la force de ses musiciens, il l\u2019emm\u00e8ne les appr\u00e9cier un soir dans le club de jazz : \u00ab le Diable des Lombards \u00bb. Le r\u00e9alisateur est \u00e9bloui et soudain lui vient l\u2019id\u00e9e de remplacer la musique \u00e9crite pour son film par Marc Mandel, par une musique improvis\u00e9e \u00e0 l\u2019\u00e9cran comme l\u2019avait fait Miles Davis pour \u00ab Ascenseur pour \u00e9chafaud \u00bb. Du coup la BOF d\u2019 \u00abUne sale affaire\u00bb se fera sans Marc Mandel. <br> En 1984, il s\u2019amuse \u00e0 composer un twist parodique et un reggae et produit lui m\u00eame un 45t&nbsp;: Le twist de la merci\u00e8re \u2013 par Marc et les super Markettes.<br> En 2001, il adapte la symphonie 40 de Mozart en salsa, en respectant toute la progression harmonique&nbsp;du 1er mouvement.<br> Pour cette nouvelle auto-production, Il fait appel \u00e0 de tr\u00e8s grands musiciens de jazz qui jouent \u00e0 l\u2019\u00e9poque (entre-autre)&nbsp;dans le big band de Michel Legrand&nbsp;: Les trombones t\u00e9nors et basse sont interpr\u00e9t\u00e9s par Maurice Castel-Cevrero, les sax alto, t\u00e9nor et baryton par Herv\u00e9 Meschinet et les 4 parties de trompettes par Claude Eg\u00e9a. Il baptise l\u2019album&nbsp;: Salsa 40 par le Wolfgang band<br> En 2003, il r\u00e9alise un album en d\u00e9clinant \u00ab&nbsp;Joyeux anniversaire&nbsp;\u00bb en 25&nbsp;styles diff\u00e9rents (Jazz, symphonique, lyrique, valse viennoise, twist, samba, java, bossa-nova, hard rock etc.) Pour chaque titre il compose un th\u00e8me B dans le style de la d\u00e9clinaison choisie.<br> Pendant toutes ces ann\u00e9es, il continue de travailler au sein de l\u2019entreprise d\u2019\u00e9ditions dont il finit par prendre la direction. Et dans le m\u00eame il compose une musique de film industriel pour EDF, une musique Manufrance,&nbsp;un documentaire pour la t\u00e9l\u00e9vision (FR3).<br> Il a actuellement \u00e0 son actif plus de 300 musiques et chansons, dont un concerto pour Piano et orchestre, une symphonie, un adagio pour cordes, un musique de \u00ab&nbsp;livre&nbsp;\u00bb&nbsp;: les 3 mousquetaires. Sans oublier des morceaux instrumentaux allant du jazz au classique en passant par de la musique de films virtuels.<br> Depuis quelques ann\u00e9es, gr\u00e2ce \u00e0 l\u2019informatique, il r\u00e9alise un r\u00eave inaccessible auparavant&nbsp;: entendre sa musique jou\u00e9e par un orchestre symphonique. <br> Marc Mandel n\u2019utilise que la souris, avec laquelle il \u00e9crit chaque note pour chaque instrument, comme on le ferait sur du papier musique. <\/p>\n\n\n\n<p>Ainsi il a pu composer un concerto pour Piano et Orchestre<\/p>\n\n\n\n<p>Et c\u2019est avec cette m\u00eame technique d\u2019\u00e9criture qu\u2019il \u00e9crit en 2014 \u00ab l\u2019enjeu \u00bb, un op\u00e9ra en 3 actes, dans un style n\u00e9o XVIII eme<\/p>\n\n\n\n<p>A suivre \u2026<\/p>\n","protected":false},"excerpt":{"rendered":"<p>N\u00e9 \u00e0 Paris en 1954, Marc Mandel est un compositeur au parcours atypique. Il commence par l\u2019\u00e9tude du piano classique \u00e0 l\u2019\u00e2ge de \u00e0 7 ans, mais son entr\u00e9e en 6eme, au lyc\u00e9e Jean-Baptiste Say en 1966, il abandonne les sonates de Beethoven pour Dave Brubeck (Blue rondo \u00e0 la Turk, Take Five) Thelonious Monk &hellip; <\/p>\n<p class=\"link-more\"><a href=\"https:\/\/lenjeu.eu\/?page_id=72\" class=\"more-link\">Continuer la lecture<span class=\"screen-reader-text\"> de &laquo;&nbsp;Biographie Marc Mandel&nbsp;&raquo;<\/span><\/a><\/p>\n","protected":false},"author":1,"featured_media":0,"parent":0,"menu_order":0,"comment_status":"closed","ping_status":"closed","template":"","meta":{"_mi_skip_tracking":false,"footnotes":""},"class_list":["post-72","page","type-page","status-publish","hentry"],"yoast_head":"<!-- This site is optimized with the Yoast SEO plugin v19.12 - https:\/\/yoast.com\/wordpress\/plugins\/seo\/ -->\n<title>Biographie Marc Mandel - L&#039;enjeu<\/title>\n<meta name=\"robots\" content=\"index, follow, max-snippet:-1, max-image-preview:large, max-video-preview:-1\" \/>\n<link rel=\"canonical\" href=\"https:\/\/lenjeu.eu\/?page_id=72\" \/>\n<meta property=\"og:locale\" content=\"fr_FR\" \/>\n<meta property=\"og:type\" content=\"article\" \/>\n<meta property=\"og:title\" content=\"Biographie Marc Mandel - L&#039;enjeu\" \/>\n<meta property=\"og:description\" content=\"N\u00e9 \u00e0 Paris en 1954, Marc Mandel est un compositeur au parcours atypique. Il commence par l\u2019\u00e9tude du piano classique \u00e0 l\u2019\u00e2ge de \u00e0 7 ans, mais son entr\u00e9e en 6eme, au lyc\u00e9e Jean-Baptiste Say en 1966, il abandonne les sonates de Beethoven pour Dave Brubeck (Blue rondo \u00e0 la Turk, Take Five) Thelonious Monk &hellip; Continuer la lecture de &laquo;&nbsp;Biographie Marc Mandel&nbsp;&raquo;\" \/>\n<meta property=\"og:url\" content=\"https:\/\/lenjeu.eu\/?page_id=72\" \/>\n<meta property=\"og:site_name\" content=\"L&#039;enjeu\" \/>\n<meta property=\"article:modified_time\" content=\"2019-05-06T21:36:57+00:00\" \/>\n<meta property=\"og:image\" content=\"http:\/\/lenjeu.eu\/wp-content\/uploads\/2019\/04\/Lolo-jaune-C-809x1024.jpg\" \/>\n<meta name=\"twitter:card\" content=\"summary_large_image\" \/>\n<meta name=\"twitter:label1\" content=\"Dur\u00e9e de lecture estim\u00e9e\" \/>\n\t<meta name=\"twitter:data1\" content=\"5 minutes\" \/>\n<script type=\"application\/ld+json\" class=\"yoast-schema-graph\">{\"@context\":\"https:\/\/schema.org\",\"@graph\":[{\"@type\":\"WebPage\",\"@id\":\"https:\/\/lenjeu.eu\/?page_id=72\",\"url\":\"https:\/\/lenjeu.eu\/?page_id=72\",\"name\":\"Biographie Marc Mandel - L&#039;enjeu\",\"isPartOf\":{\"@id\":\"https:\/\/lenjeu.eu\/#website\"},\"datePublished\":\"2019-04-16T07:45:11+00:00\",\"dateModified\":\"2019-05-06T21:36:57+00:00\",\"breadcrumb\":{\"@id\":\"https:\/\/lenjeu.eu\/?page_id=72#breadcrumb\"},\"inLanguage\":\"fr-FR\",\"potentialAction\":[{\"@type\":\"ReadAction\",\"target\":[\"https:\/\/lenjeu.eu\/?page_id=72\"]}]},{\"@type\":\"BreadcrumbList\",\"@id\":\"https:\/\/lenjeu.eu\/?page_id=72#breadcrumb\",\"itemListElement\":[{\"@type\":\"ListItem\",\"position\":1,\"name\":\"Accueil\",\"item\":\"https:\/\/lenjeu.eu\/\"},{\"@type\":\"ListItem\",\"position\":2,\"name\":\"Biographie\"}]},{\"@type\":\"WebSite\",\"@id\":\"https:\/\/lenjeu.eu\/#website\",\"url\":\"https:\/\/lenjeu.eu\/\",\"name\":\"L&#039;enjeu\",\"description\":\"\",\"potentialAction\":[{\"@type\":\"SearchAction\",\"target\":{\"@type\":\"EntryPoint\",\"urlTemplate\":\"https:\/\/lenjeu.eu\/?s={search_term_string}\"},\"query-input\":\"required name=search_term_string\"}],\"inLanguage\":\"fr-FR\"}]}<\/script>\n<!-- \/ Yoast SEO plugin. -->","yoast_head_json":{"title":"Biographie Marc Mandel - L&#039;enjeu","robots":{"index":"index","follow":"follow","max-snippet":"max-snippet:-1","max-image-preview":"max-image-preview:large","max-video-preview":"max-video-preview:-1"},"canonical":"https:\/\/lenjeu.eu\/?page_id=72","og_locale":"fr_FR","og_type":"article","og_title":"Biographie Marc Mandel - L&#039;enjeu","og_description":"N\u00e9 \u00e0 Paris en 1954, Marc Mandel est un compositeur au parcours atypique. Il commence par l\u2019\u00e9tude du piano classique \u00e0 l\u2019\u00e2ge de \u00e0 7 ans, mais son entr\u00e9e en 6eme, au lyc\u00e9e Jean-Baptiste Say en 1966, il abandonne les sonates de Beethoven pour Dave Brubeck (Blue rondo \u00e0 la Turk, Take Five) Thelonious Monk &hellip; Continuer la lecture de &laquo;&nbsp;Biographie Marc Mandel&nbsp;&raquo;","og_url":"https:\/\/lenjeu.eu\/?page_id=72","og_site_name":"L&#039;enjeu","article_modified_time":"2019-05-06T21:36:57+00:00","og_image":[{"url":"http:\/\/lenjeu.eu\/wp-content\/uploads\/2019\/04\/Lolo-jaune-C-809x1024.jpg"}],"twitter_card":"summary_large_image","twitter_misc":{"Dur\u00e9e de lecture estim\u00e9e":"5 minutes"},"schema":{"@context":"https:\/\/schema.org","@graph":[{"@type":"WebPage","@id":"https:\/\/lenjeu.eu\/?page_id=72","url":"https:\/\/lenjeu.eu\/?page_id=72","name":"Biographie Marc Mandel - L&#039;enjeu","isPartOf":{"@id":"https:\/\/lenjeu.eu\/#website"},"datePublished":"2019-04-16T07:45:11+00:00","dateModified":"2019-05-06T21:36:57+00:00","breadcrumb":{"@id":"https:\/\/lenjeu.eu\/?page_id=72#breadcrumb"},"inLanguage":"fr-FR","potentialAction":[{"@type":"ReadAction","target":["https:\/\/lenjeu.eu\/?page_id=72"]}]},{"@type":"BreadcrumbList","@id":"https:\/\/lenjeu.eu\/?page_id=72#breadcrumb","itemListElement":[{"@type":"ListItem","position":1,"name":"Accueil","item":"https:\/\/lenjeu.eu\/"},{"@type":"ListItem","position":2,"name":"Biographie"}]},{"@type":"WebSite","@id":"https:\/\/lenjeu.eu\/#website","url":"https:\/\/lenjeu.eu\/","name":"L&#039;enjeu","description":"","potentialAction":[{"@type":"SearchAction","target":{"@type":"EntryPoint","urlTemplate":"https:\/\/lenjeu.eu\/?s={search_term_string}"},"query-input":"required name=search_term_string"}],"inLanguage":"fr-FR"}]}},"_links":{"self":[{"href":"https:\/\/lenjeu.eu\/index.php?rest_route=\/wp\/v2\/pages\/72","targetHints":{"allow":["GET"]}}],"collection":[{"href":"https:\/\/lenjeu.eu\/index.php?rest_route=\/wp\/v2\/pages"}],"about":[{"href":"https:\/\/lenjeu.eu\/index.php?rest_route=\/wp\/v2\/types\/page"}],"author":[{"embeddable":true,"href":"https:\/\/lenjeu.eu\/index.php?rest_route=\/wp\/v2\/users\/1"}],"replies":[{"embeddable":true,"href":"https:\/\/lenjeu.eu\/index.php?rest_route=%2Fwp%2Fv2%2Fcomments&post=72"}],"version-history":[{"count":5,"href":"https:\/\/lenjeu.eu\/index.php?rest_route=\/wp\/v2\/pages\/72\/revisions"}],"predecessor-version":[{"id":593,"href":"https:\/\/lenjeu.eu\/index.php?rest_route=\/wp\/v2\/pages\/72\/revisions\/593"}],"wp:attachment":[{"href":"https:\/\/lenjeu.eu\/index.php?rest_route=%2Fwp%2Fv2%2Fmedia&parent=72"}],"curies":[{"name":"wp","href":"https:\/\/api.w.org\/{rel}","templated":true}]}}